{"id":7,"date":"2025-08-07T09:40:52","date_gmt":"2025-08-07T09:40:52","guid":{"rendered":"http:\/\/klog1pt.local\/?page_id=7"},"modified":"2026-01-23T17:08:36","modified_gmt":"2026-01-23T17:08:36","slug":"career","status":"publish","type":"page","link":"https:\/\/klog.pt\/en_gb\/career\/","title":{"rendered":"Career"},"content":{"rendered":"\n<div class=\"wp-block-group alignfull is-style-default has-global-padding is-layout-constrained wp-block-group-is-layout-constrained\" style=\"margin-top:0;margin-bottom:0;padding-top:5rem;padding-bottom:5rem\">\n<div class=\"wp-block-columns alignwide are-vertically-aligned-center is-layout-flex wp-container-core-columns-is-layout-ce01ccba wp-block-columns-is-layout-flex\">\n<div class=\"wp-block-column is-vertically-aligned-center is-layout-flow wp-block-column-is-layout-flow\" style=\"padding-top:var(--wp--preset--spacing--30);padding-right:var(--wp--preset--spacing--30);padding-bottom:var(--wp--preset--spacing--30);padding-left:var(--wp--preset--spacing--30);flex-basis:50%\">\n<h2 class=\"wp-block-heading separator-below-h\" style=\"text-transform:uppercase\"><strong>Working at KLOG<\/strong><\/h2>\n\n\n\n<p><strong><strong>Join the team that moves the world<\/strong><\/strong><br>At KLOG, we believe logistics is more than moving goods \u2014 it\u2019s about connecting people, businesses, and opportunities. And it all starts with our people. If you&#8217;re looking for a dynamic, collaborative environment with room to grow, you&#8217;re in the right place.<\/p>\n<\/div>\n\n\n\n<div class=\"wp-block-column is-vertically-aligned-center is-layout-flow wp-block-column-is-layout-flow\" style=\"flex-basis:50%\">\n<figure class=\"wp-block-image aligncenter size-full has-custom-border\"><img decoding=\"async\" width=\"1920\" height=\"1282\" src=\"https:\/\/klog.pt\/wp-content\/uploads\/2025\/09\/Klog11-0057-section-1.jpg\" alt=\"Klog11 0057 section 1\" class=\"wp-image-1928\" style=\"border-radius:12px;border-top-style:none;border-top-width:0px;border-right-style:none;border-right-width:0px;border-bottom-color:var(--wp--preset--color--custom-0082-ca);border-bottom-width:5px;border-left-style:none;border-left-width:0px;aspect-ratio:16\/9;object-fit:cover\" srcset=\"https:\/\/klog.pt\/wp-content\/uploads\/2025\/09\/Klog11-0057-section-1.jpg 1920w, https:\/\/klog.pt\/wp-content\/uploads\/2025\/09\/Klog11-0057-section-1-300x200.jpg 300w, https:\/\/klog.pt\/wp-content\/uploads\/2025\/09\/Klog11-0057-section-1-1024x684.jpg 1024w, https:\/\/klog.pt\/wp-content\/uploads\/2025\/09\/Klog11-0057-section-1-768x513.jpg 768w, https:\/\/klog.pt\/wp-content\/uploads\/2025\/09\/Klog11-0057-section-1-1536x1026.jpg 1536w, https:\/\/klog.pt\/wp-content\/uploads\/2025\/09\/Klog11-0057-section-1-18x12.jpg 18w\" sizes=\"(max-width: 1920px) 100vw, 1920px\" \/><\/figure>\n<\/div>\n<\/div>\n<\/div>\n\n\n\n<div class=\"wp-block-group alignfull is-style-blank-group has-custom-background-light-blue-background-color has-background has-global-padding is-layout-constrained wp-block-group-is-layout-constrained\" style=\"padding-top:5rem;padding-bottom:5rem;background-image:url(&apos;https:\/\/klog.pt\/wp-content\/uploads\/2025\/09\/Klog-122-backgrnd-section-2.jpg&apos;);background-position:51% 50%;background-size:cover;background-attachment:fixed;\">\n<div class=\"wp-block-columns alignwide are-vertically-aligned-center is-layout-flex wp-container-core-columns-is-layout-d0b3c9c8 wp-block-columns-is-layout-flex\">\n<div class=\"wp-block-column is-layout-flow wp-block-column-is-layout-flow\"><\/div>\n\n\n\n<div class=\"wp-block-column is-vertically-aligned-center has-background is-layout-flow wp-block-column-is-layout-flow\" style=\"border-radius:12px;background-color:#f2faffeb;box-shadow:var(--wp--preset--shadow--shadow-1);flex-basis:70%\">\n<div class=\"wp-block-group has-global-padding is-layout-constrained wp-container-core-group-is-layout-1c476759 wp-block-group-is-layout-constrained\" style=\"padding-top:var(--wp--preset--spacing--medium);padding-right:var(--wp--preset--spacing--large);padding-bottom:var(--wp--preset--spacing--medium);padding-left:var(--wp--preset--spacing--large)\">\n<h2 class=\"wp-block-heading\"><strong>Why KLOG?<\/strong><\/h2>\n\n\n\n<p>What sets us apart as an employer:<\/p>\n\n\n\n<ul class=\"wp-block-list li-check-in-circle li-underline\">\n<li><strong><strong>Continuous Growth<\/strong><\/strong><br>We invest in training and development, offering career paths tailored to each talent.<\/li>\n\n\n\n<li><strong><strong>Collaborative Environment<\/strong><\/strong><br>We work as a team, share knowledge, and celebrate achievements together.<\/li>\n\n\n\n<li><strong><strong>Constant Innovation<\/strong><\/strong><br>We embrace technology and creative solutions to lead the logistics sector.<\/li>\n<\/ul>\n<\/div>\n<\/div>\n\n\n\n<div class=\"wp-block-column is-layout-flow wp-block-column-is-layout-flow\"><\/div>\n<\/div>\n<\/div>\n\n\n\n<div class=\"wp-block-group alignfull has-global-padding is-layout-constrained wp-block-group-is-layout-constrained\" style=\"margin-top:0;margin-bottom:0;padding-top:5rem;padding-bottom:5rem\">\n<div class=\"wp-block-group alignwide is-layout-flow wp-container-core-group-is-layout-d58a0413 wp-block-group-is-layout-flow\" style=\"padding-top:var(--wp--preset--spacing--50);padding-bottom:var(--wp--preset--spacing--50)\">\n<h2 class=\"wp-block-heading separator-below-h\" style=\"text-transform:uppercase\">Klog, Log\u00edstica S.A.<\/h2>\n\n\n\n<div class=\"wp-block-columns is-layout-flex wp-container-core-columns-is-layout-9b272f02 wp-block-columns-is-layout-flex\">\n<div class=\"wp-block-column is-layout-flow wp-block-column-is-layout-flow\">\n<div class=\"wp-block-group is-layout-flow wp-block-group-is-layout-flow\" style=\"padding-top:var(--wp--preset--spacing--30);padding-bottom:var(--wp--preset--spacing--30)\">\n<p class=\"has-text-align-left\">With a strong international presence, KLOG is a company that offers comprehensive transportation and logistics solutions. Through a cross-functional operation that integrates road, sea, air, multimodal transport, and contract logistics, it ensures an efficient response to the demands of modern supply chains. We have earned the trust of leading European groups in their respective sectors, which account for two-thirds of KLOG\u2019s business volume, reflecting the strength, consistency, and credibility of our operations.<\/p>\n<\/div>\n<\/div>\n\n\n\n<div class=\"wp-block-column is-layout-flow wp-block-column-is-layout-flow\">\n<p class=\"has-text-align-left\">KLOG is committed to an increasingly sustainable future, intensifying investment in intermodal solutions that efficiently combine different modes of transport. Through strategic partnerships with leading international operators, the company continuously expands its maritime and rail transport options, offering faster, more competitive, and environmentally responsible alternatives \u2014 advantages that translate into better performance, cost reduction, and lower environmental impact.<\/p>\n<\/div>\n<\/div>\n<\/div>\n<\/div>\n\n\n\n<div class=\"wp-block-group alignfull is-style-blank-group has-custom-darker-blue-background-color has-background has-global-padding is-layout-constrained wp-block-group-is-layout-constrained\" style=\"margin-top:0;margin-bottom:0;padding-top:5rem;padding-bottom:5rem\">\n<h2 class=\"wp-block-heading has-custom-fbbd-53-color has-text-color has-link-color wp-elements-06d34d3327bfa683b540589855b29ae4\" style=\"text-transform:uppercase\"><strong><strong>What our people say?<\/strong><\/strong><\/h2>\n\n\n\n<div style=\"height:25px\" aria-hidden=\"true\" class=\"wp-block-spacer\"><\/div>\n\n\n\n<div class=\"wp-block-cb-carousel-v2 alignwide cb-carousel-block cb-single-slide\" data-cb-slides-per-view=\"1\" data-cb-slides-per-group=\"1\" data-cb-space-between=\"35\" data-cb-speed=\"300\" data-cb-pagination=\"true\" data-cb-loop=\"true\" data-cb-autoplay=\"true\" data-cb-autoplay-speed=\"3000\" data-cb-breakpoints=\"{&quot;768&quot;:{&quot;slidesPerView&quot;:1,&quot;slidesPerGroup&quot;:1}}\"><div class=\"swiper\"><div class=\"cb-wrapper swiper-wrapper\">\n<div class=\"wp-block-cb-slide-v2 cb-slide swiper-slide\">\n<div class=\"wp-block-group has-custom-white-color has-text-color has-link-color wp-elements-038aa7fb2ae77e8782db3c6d29caa6c7 has-global-padding is-layout-constrained wp-container-core-group-is-layout-b9cef7b5 wp-block-group-is-layout-constrained\" style=\"border-radius:12px;min-height:325px;padding-top:var(--wp--preset--spacing--large);padding-right:var(--wp--preset--spacing--xxxx-large);padding-bottom:var(--wp--preset--spacing--large);padding-left:var(--wp--preset--spacing--xxxx-large)\">\n<div class=\"wp-block-group has-global-padding is-layout-constrained wp-block-group-is-layout-constrained\" style=\"border-width:1px;border-radius:12px;padding-top:var(--wp--preset--spacing--large);padding-bottom:var(--wp--preset--spacing--large)\">\n<p class=\"has-text-align-center\" style=\"font-size:clamp(0.875rem, 0.875rem + ((1vw - 0.2rem) * 0.227), 1rem);\">&#8220;Para mim a equipa Klog define a for\u00e7a que inspira a supera\u00e7\u00e3o do imposs\u00edvel!&#8221;<\/p>\n\n\n\n<p class=\"has-text-align-center\"><strong>Catalina Tosu<\/strong><\/p>\n\n\n\n<p class=\"has-text-align-center\" style=\"margin-top:0;margin-bottom:0;font-size:0.7rem\">South Europe Corridor Operations Coordinator<\/p>\n<\/div>\n<\/div>\n<\/div>\n\n\n\n<div class=\"wp-block-cb-slide-v2 cb-slide swiper-slide\">\n<div class=\"wp-block-group has-background has-global-padding is-layout-constrained wp-container-core-group-is-layout-8db5ca72 wp-block-group-is-layout-constrained\" style=\"border-radius:12px;background-color:#f2faffb5;min-height:325px;padding-top:var(--wp--preset--spacing--medium);padding-right:var(--wp--preset--spacing--small);padding-bottom:var(--wp--preset--spacing--medium);padding-left:var(--wp--preset--spacing--small)\">\n<p style=\"font-size:clamp(0.875rem, 0.875rem + ((1vw - 0.2rem) * 0.227), 1rem);\">\u201cSer KLOG representa, para mim, uma oportunidade \u00fanica de crescimento profissional e pessoal, onde posso contribuir atrav\u00e9s da inova\u00e7\u00e3o tecnol\u00f3gica e do desenvolvimento de solu\u00e7\u00f5es eficientes.\u201d<\/p>\n\n\n\n<p class=\"has-custom-off-black-color has-text-color has-link-color wp-elements-9ec86e078fbf8dfc6d34b8d47100ea9c\"><strong><strong>Rui Tavares<\/strong><\/strong><\/p>\n\n\n\n<p class=\"has-text-align-left\" style=\"margin-top:0;margin-bottom:0;font-size:0.7rem\">&nbsp;IT Software Manager<\/p>\n<\/div>\n<\/div>\n\n\n\n<div class=\"wp-block-cb-slide-v2 cb-slide swiper-slide\">\n<div class=\"wp-block-group has-background has-global-padding is-layout-constrained wp-container-core-group-is-layout-8db5ca72 wp-block-group-is-layout-constrained\" style=\"border-radius:12px;background-color:#f2faffb5;min-height:325px;padding-top:var(--wp--preset--spacing--medium);padding-right:var(--wp--preset--spacing--small);padding-bottom:var(--wp--preset--spacing--medium);padding-left:var(--wp--preset--spacing--small)\">\n<p style=\"font-size:clamp(0.875rem, 0.875rem + ((1vw - 0.2rem) * 0.227), 1rem);\">\u201cCada dia \u00e9 uma oportunidade para superar expectativas e contribuir para o sucesso da empresa. Esta experi\u00eancia n\u00e3o \u00e9 apenas um trabalho, \u00e9 uma jornada de crescimento pessoal e profissional que me mant\u00e9m motivado para enfrentar qualquer barreira que surja no caminho.\u201d<\/p>\n\n\n\n<p class=\"has-custom-off-black-color has-text-color has-link-color wp-elements-13528cf7597b5884e51f3613b3b9f7a1\"><strong><strong><strong>Paulo Belo<\/strong><\/strong><\/strong><\/p>\n\n\n\n<p class=\"has-text-align-left\" style=\"margin-top:0;margin-bottom:0;font-size:0.7rem\">Accountant Manager<\/p>\n<\/div>\n<\/div>\n\n\n\n<div class=\"wp-block-cb-slide-v2 cb-slide swiper-slide\">\n<div class=\"wp-block-group has-background has-global-padding is-layout-constrained wp-container-core-group-is-layout-8db5ca72 wp-block-group-is-layout-constrained\" style=\"border-radius:12px;background-color:#f2faffb5;min-height:325px;padding-top:var(--wp--preset--spacing--medium);padding-right:var(--wp--preset--spacing--small);padding-bottom:var(--wp--preset--spacing--medium);padding-left:var(--wp--preset--spacing--small)\">\n<p style=\"font-size:clamp(0.875rem, 0.875rem + ((1vw - 0.2rem) * 0.227), 1rem);\">&#8220;\u00c9 um orgullho pertencer \u00e0 equipa KLOG e ter o prazer de trabalho numa equipa din\u00e2mica e muito profissional&#8221;<\/p>\n\n\n\n<p class=\"has-custom-off-black-color has-text-color has-link-color wp-elements-4682f4282dc07e929bcce7e6b2d795cb\"><strong><strong><strong><strong>Jo\u00e3o Pereira<\/strong><\/strong><\/strong><\/strong><\/p>\n\n\n\n<p class=\"has-text-align-left\" style=\"margin-top:0;margin-bottom:0;font-size:0.7rem\">Short Distance Operations<\/p>\n<\/div>\n<\/div>\n\n\n\n<div class=\"wp-block-cb-slide-v2 cb-slide swiper-slide\">\n<div class=\"wp-block-group has-background has-global-padding is-layout-constrained wp-container-core-group-is-layout-8db5ca72 wp-block-group-is-layout-constrained\" style=\"border-radius:12px;background-color:#f2faffb5;min-height:325px;padding-top:var(--wp--preset--spacing--medium);padding-right:var(--wp--preset--spacing--small);padding-bottom:var(--wp--preset--spacing--medium);padding-left:var(--wp--preset--spacing--small)\">\n<p style=\"font-size:clamp(0.875rem, 0.875rem + ((1vw - 0.2rem) * 0.227), 1rem);\">\u201cSer KLOG \u00e9 pensar diferente, fazer diferente e superar-nos diariamente\u201d<\/p>\n\n\n\n<p class=\"has-custom-off-black-color has-text-color has-link-color wp-elements-027457e3309e55966b10d6e05fc8ca9d\"><strong><strong><strong><strong><strong>Catarina Marcos<\/strong><\/strong><\/strong><\/strong><\/strong><\/p>\n\n\n\n<p class=\"has-text-align-left\" style=\"margin-top:0;margin-bottom:0;font-size:0.7rem\">Oporto Air&amp;Sea Director<\/p>\n<\/div>\n<\/div>\n<\/div><\/div><div class=\"cb-pagination swiper-pagination\"><\/div><\/div>\n<\/div>\n\n\n\n<div class=\"wp-block-group alignfull is-style-blank-group has-custom-background-light-blue-background-color has-background has-global-padding is-layout-constrained wp-block-group-is-layout-constrained\" style=\"padding-top:5rem;padding-bottom:5rem;background-image:url(&apos;https:\/\/klog.pt\/wp-content\/uploads\/2025\/08\/top8.jpg&apos;);background-position:51% 50%;background-size:cover;background-attachment:fixed;\">\n<div class=\"wp-block-columns alignwide are-vertically-aligned-center is-layout-flex wp-container-core-columns-is-layout-d0b3c9c8 wp-block-columns-is-layout-flex\">\n<div class=\"wp-block-column is-layout-flow wp-block-column-is-layout-flow\"><\/div>\n\n\n\n<div class=\"wp-block-column is-vertically-aligned-center has-background is-layout-flow wp-block-column-is-layout-flow\" style=\"border-radius:12px;background-color:#f2faffdb;box-shadow:var(--wp--preset--shadow--shadow-1);flex-basis:70%\">\n<div class=\"wp-block-group has-global-padding is-layout-constrained wp-container-core-group-is-layout-4b992c52 wp-block-group-is-layout-constrained\" style=\"padding-top:var(--wp--preset--spacing--large);padding-right:var(--wp--preset--spacing--medium);padding-bottom:var(--wp--preset--spacing--large);padding-left:var(--wp--preset--spacing--medium)\">\n<h2 class=\"wp-block-heading has-text-align-center\"><strong>Open Opportunities<\/strong><\/h2>\n\n\n\n<div class=\"wp-block-buttons is-content-justification-center is-layout-flex wp-container-core-buttons-is-layout-a89b3969 wp-block-buttons-is-layout-flex\">\n<div class=\"wp-block-button has-custom-width wp-block-button__width-50 is-style-yellow-but\"><a class=\"wp-block-button__link wp-element-button\" href=\"https:\/\/www.klog.pt\/logistics\/pt\/jobs.php\" target=\"_blank\" rel=\"noopener noreferrer nofollow\"><strong>Read more<\/strong><\/a><\/div>\n<\/div>\n<\/div>\n<\/div>\n\n\n\n<div class=\"wp-block-column is-layout-flow wp-block-column-is-layout-flow\"><\/div>\n<\/div>\n<\/div>\n","protected":false},"excerpt":{"rendered":"<p>Working at KLOG Join the team that moves the worldAt KLOG, we believe logistics is more than moving goods \u2014 it\u2019s about connecting people, businesses, and opportunities. And it all starts with our people. If you&#8217;re looking for a dynamic, collaborative environment with room to grow, you&#8217;re in the right place. Why KLOG? What sets [&hellip;]<\/p>\n","protected":false},"author":1,"featured_media":56,"parent":0,"menu_order":6,"comment_status":"closed","ping_status":"closed","template":"","meta":{"_acf_changed":false,"slim_seo":{"title":"Career - KLOG","description":"Working at KLOG Join the team that moves the world At KLOG, we believe logistics is more than moving goods \u2014 it\u2019s about connecting people, businesses, and oppor"},"footnotes":""},"transport-solution":[],"class_list":["post-7","page","type-page","status-publish","has-post-thumbnail","hentry"],"acf":[],"mb":[],"mfb_rest_fields":["title"],"_links":{"self":[{"href":"https:\/\/klog.pt\/en_gb\/wp-json\/wp\/v2\/pages\/7","targetHints":{"allow":["GET"]}}],"collection":[{"href":"https:\/\/klog.pt\/en_gb\/wp-json\/wp\/v2\/pages"}],"about":[{"href":"https:\/\/klog.pt\/en_gb\/wp-json\/wp\/v2\/types\/page"}],"author":[{"embeddable":true,"href":"https:\/\/klog.pt\/en_gb\/wp-json\/wp\/v2\/users\/1"}],"replies":[{"embeddable":true,"href":"https:\/\/klog.pt\/en_gb\/wp-json\/wp\/v2\/comments?post=7"}],"version-history":[{"count":0,"href":"https:\/\/klog.pt\/en_gb\/wp-json\/wp\/v2\/pages\/7\/revisions"}],"wp:featuredmedia":[{"embeddable":true,"href":"https:\/\/klog.pt\/en_gb\/wp-json\/wp\/v2\/media\/56"}],"wp:attachment":[{"href":"https:\/\/klog.pt\/en_gb\/wp-json\/wp\/v2\/media?parent=7"}],"wp:term":[{"taxonomy":"transport-solution","embeddable":true,"href":"https:\/\/klog.pt\/en_gb\/wp-json\/wp\/v2\/transport-solution?post=7"}],"curies":[{"name":"wp","href":"https:\/\/api.w.org\/{rel}","templated":true}]}}